{"id":1810,"date":"2023-08-02T10:44:32","date_gmt":"2023-08-02T08:44:32","guid":{"rendered":"https:\/\/www.bubblesforearth.com\/?post_type=product&#038;p=1810"},"modified":"2026-02-16T10:37:35","modified_gmt":"2026-02-16T08:37:35","slug":"savon-un-ete-tranquille-declasse","status":"publish","type":"product","link":"https:\/\/www.bubblesforearth.com\/en\/produit\/savon-un-ete-tranquille-declasse","title":{"rendered":"Savon Un Ete Tranquille Declasse"},"content":{"rendered":"<p>Premier savon de la gamme \u00e9ph\u00e9m\u00e8re, ce savon orang\u00e9 via du curcuma et \u00e0 la senteur de citronnelle sera votre alli\u00e9 pour un \u00e9t\u00e9 tranquille.<\/p>\n<p>Voici les ingr\u00e9dients (toujours bio):<\/p>\n<p>&#8211; Huile de noix de coco fairtrade: Pour la mousse<\/p>\n<p>&#8211; Huile de colza: Pour plus de mousse et aider la peau \u00e0 s&#8217;hydrater apr\u00e8s la douche<\/p>\n<p>&#8211; Huile de ricin: Pour de la mousse et pr\u00e9pare la peau \u00e0 absorber les huiles contenues dans le savon<\/p>\n<p>&#8211; Beurre de karit\u00e9 fairtrade: Pour durcir le savon et aider votre peau \u00e0 se r\u00e9g\u00e9n\u00e9rer apr\u00e8s de longs moments pass\u00e9s au soleil<\/p>\n<p>&#8211; Huile de soja: Pour son c\u00f4t\u00e9 oxydant et apporte de l&#8217;\u00e9lasticit\u00e9 \u00e0 la peau<\/p>\n<p>&#8211; Huile essentielle de citronnelle: Cette huile essentielle est tr\u00e8s utilis\u00e9e pour \u00e9loigner les moustiques<\/p>\n<p>&#8211; Curcuma en poudre: Pour apporter la couleur au savon et le curcuma poss\u00e8de des propri\u00e9t\u00e9s apaisantes pour la peau<\/p>\n<p>INCI:<\/p>\n<p>Sodium Cocoate, Sodium Rapeseedate, Sodium Castorate, Sodium Shea Butterate, Aqua, Glycerin, Sodium Glycinate, Cocos Nucifera Oil, Cymbopogon Winterianus Herb Oil, Ricinus Communis Seed Oil, Brassica Campestris Seed Oil, Butyrospermum Parkii Butter, Glycine Soja Oil, Curcuma Longa Root Powder, Citral* , Citronellol* , Eugenol* , Farnesol* , Geraniol* , Limonene* , Linalool*<\/p>\n<p>*pr\u00e9sents dans les huiles essentielles<\/p>\n<p>Savon fabriqu\u00e9 dans le Val d&#8217;oise (95) \u00e0 Soisy-Sous-Montmorency pr\u00e8s d&#8217;Enghien-les-Bains et de la for\u00eat de Montmorency.<\/p>\n<p>Savonnerie sous mention Nature et Progr\u00e8s, la mention plus exigeante que le bio!<\/p>\n","protected":false},"excerpt":{"rendered":"<p><strong>CE SAVON EST DECLASSE CELA VEUT DIRE QUE:<\/strong><br \/>\n<strong>\u2013 Son poids n\u2019est pas \u00e0 100g mais peut \u00eatre inf\u00e9rieur ou sup\u00e9rieur (pas en-dessous de 90g)<\/strong><br \/>\n<strong>\u2013 Son aspect peut \u00eatre diff\u00e9rent (trous, d\u00e9but de savon, trace prononc\u00e9e du moule)<br \/>\n\u2013 La photo pr\u00e9sent\u00e9e est la photo du savon sous sa forme classique, le savon que vous allez recevoir aura probablement des diff\u00e9rences.<\/strong><\/p>\n<p><strong>Toutefois, il conserve les m\u00eames propri\u00e9t\u00e9s que son \u00e9quivalent classique et cela \u00e9vite un d\u00e9chet \u00e0 la savonnerie.\u00a0<\/strong><\/p>\n<p>C&#8217;est le <strong>savon de l&#8217;\u00e9t\u00e9<\/strong> pour \u00eatre tranquille en terrasse ou dans le jardin le soir gr\u00e2ce \u00e0 l&#8217;<strong>huile essentielle de citronnelle<\/strong> qu&#8217;il contient. De plus, apr\u00e8s une longue journ\u00e9e au soleil, le<strong> curcuma et le beurre de karit\u00e9<\/strong> viendront apaiser votre peau agress\u00e9e par les rayons du soleil.<\/p>\n<p>Ce savon n&#8217;est produit que pendant la p\u00e9riode estivale ainsi quand il est en rupture de stock, il faudra attendre l&#8217;ann\u00e9e prochaine!<\/p>\n","protected":false},"featured_media":1726,"comment_status":"open","ping_status":"closed","template":"","meta":[],"product_brand":[],"product_cat":[38,39],"product_tag":[],"class_list":{"0":"post-1810","1":"product","2":"type-product","3":"status-publish","6":"product_cat-declasses","7":"product_cat-savons-declasses","9":"first","10":"outofstock","11":"sale","12":"taxable","13":"shipping-taxable","14":"purchasable","15":"product-type-simple"},"jetpack_likes_enabled":false,"jetpack_sharing_enabled":true,"_links":{"self":[{"href":"https:\/\/www.bubblesforearth.com\/en\/wp-json\/wp\/v2\/product\/1810","targetHints":{"allow":["GET"]}}],"collection":[{"href":"https:\/\/www.bubblesforearth.com\/en\/wp-json\/wp\/v2\/product"}],"about":[{"href":"https:\/\/www.bubblesforearth.com\/en\/wp-json\/wp\/v2\/types\/product"}],"replies":[{"embeddable":true,"href":"https:\/\/www.bubblesforearth.com\/en\/wp-json\/wp\/v2\/comments?post=1810"}],"wp:featuredmedia":[{"embeddable":true,"href":"https:\/\/www.bubblesforearth.com\/en\/wp-json\/wp\/v2\/media\/1726"}],"wp:attachment":[{"href":"https:\/\/www.bubblesforearth.com\/en\/wp-json\/wp\/v2\/media?parent=1810"}],"wp:term":[{"taxonomy":"product_brand","embeddable":true,"href":"https:\/\/www.bubblesforearth.com\/en\/wp-json\/wp\/v2\/product_brand?post=1810"},{"taxonomy":"product_cat","embeddable":true,"href":"https:\/\/www.bubblesforearth.com\/en\/wp-json\/wp\/v2\/product_cat?post=1810"},{"taxonomy":"product_tag","embeddable":true,"href":"https:\/\/www.bubblesforearth.com\/en\/wp-json\/wp\/v2\/product_tag?post=1810"}],"curies":[{"name":"wp","href":"https:\/\/api.w.org\/{rel}","templated":true}]}}